{"id":253,"date":"2023-09-24T19:24:27","date_gmt":"2023-09-24T18:24:27","guid":{"rendered":"https:\/\/3nach3.ch\/?page_id=253"},"modified":"2023-11-12T21:31:59","modified_gmt":"2023-11-12T20:31:59","slug":"3nach3-weekend-2023","status":"publish","type":"page","link":"https:\/\/3nach3.ch\/?page_id=253","title":{"rendered":"3nach3 Weekend 2023"},"content":{"rendered":"\n<p class=\"has-black-color has-cyan-bluish-gray-background-color has-text-color has-background has-link-color wp-elements-3ade2acacc9ee1a8e66a47d1b8debc5b\">Dieses Wochenende wurde durch unseren RvA organisiert und minuti\u00f6s umgesetzt. Eingeladenwurden alle vom 3nach3 und vom aktuellen Dr\u00fc. Erschienen sind: RvA (Rol\u00e4), B\u00f6hni, Keule, Uele,L\u00fctzu, Herby, Alex, Piwi, Brian, P\u00e4du, Lugi und Kusi.<\/p>\n\n\n\n<p class=\"has-black-color has-cyan-bluish-gray-background-color has-text-color has-background has-link-color wp-elements-10a278efce1c7ab51f82b858ac2c6855\">Dank den Beziehungen von Rol\u00e4 wurden wir von ihm mit einem Schulbus herumkutschiert. Sein Navigator Keule f\u00fchrte uns fehlerfrei von Station zu Station.<br>Aber weil einige der Teilnehmer, schon ewig nicht mehr zu so einem Treffen gekommen waren, gab es beim Bahnhof Thun schon die erste schwerwiegende Verz\u00f6gerung. Weil wir so lange plauderten, reichte es nicht mehr f\u00fcr einen Kaffee und wir mussten direkt (mit einer kleinen Pinkelpause) zum \u00abRaceland\u00bb in Weil am Rhein gef\u00fchrt werden. Fast p\u00fcnktlich auf die Minute trafen wir dort ein und jeder durfte sich registrieren, damit auch jeder seine Fahrlizenz bekam. Dass der Besitzer des Ladens ein Freak war (positiv gemeint), sah man nicht nur an den unglaublich vielen Pokalen, die in jeder Ecke standen. Und Ecken hatte es viele! Zudem sah man es in seinem Gesicht, weil sein Schnauzer an<br>den Enden \u00e4hnlich runde Enden aufwies, wie die R\u00e4der der Rennboliden. Wir wurden in zwei Gruppen eingeteilt und instruiert, wie wir zu fahren h\u00e4tten. Beide Gruppen vollf\u00fchrten ein Training und danach ein Qualifying. Beide Male stellte sich heraus, dass das Rennen wohl von Brian oder P\u00e4du entschieden w\u00fcrde, mit Keule und Herby als Mitfavoriten.<br>Nach einer kleinen St\u00e4rkung mit einer speziellen Bohle und Chips, ging es dann ins Rennen. Es gab etwas ein Chaos bei der Startaufstellung, da wir zuerst wieder in den beiden Gruppen eingeteilt waren, doch schliesslich fuhren wir alle 12 gegeneinander entsprechend dem Qualifying. Ein<br>umk\u00e4mpftes Rennen boten sich vor allem Keule und Herby, die durch die Rennleitung und der blauen Fahne immer wieder die Pl\u00e4tze tauschen mussten.<br>Unfallfrei und fr\u00f6hlich erreichten alle leicht durchn\u00e4sst das Ziel. Es gab noch eine feierliche Siegerehrung mit Podest, Pokal und Nationalhymne. Klarer Sieger wurde P\u00e4du vor Brian. Dahinter folgte Keule, der knapp vor Herby ins Ziel kam.<\/p>\n\n\n\n<p class=\"has-black-color has-cyan-bluish-gray-background-color has-text-color has-background has-link-color wp-elements-a429f256c100b2b6f7531c078530571b\"><br>Nun konnten wir ein reichhaltiges Salatbuffet anfangen und Fleischplatten pl\u00fcndern. Das Fleisch durften wir auf den Tartarenh\u00fcten braten, zusammen mit etwas Gem\u00fcse. Die Pommes waren auch willkommen, wie das Bier. Als das Dessert aufgetischt worden war, waren die meisten draussen, dennoch wurde auch das brav aufgegessen.<\/p>\n\n\n\n<p class=\"has-black-color has-cyan-bluish-gray-background-color has-text-color has-background has-link-color wp-elements-4653de9e59699b69e343de7bf95bb480\">Anschliessend durften wir die Treppe runter gehen, wo sich die Bowlinganlage befand. Diese war schon \u00e4lteren Jahrgangs, doch passte durchwegs zu uns, da wir alle es ja mittlerweile auch schon sind. Das Trinken half zwar nicht unbedingt bei der Zielgenauigkeit, aber bei der Gem\u00fctslage. Nach zwei Runden mussten wir beinahe fluchtartig das Geb\u00e4ude verlassen, weil wir eigentlich schon h\u00e4tten im Hotel einchecken sollen. Das Hotel \u00abSilo\u00bb heisst so, weil es das mal war. Uns gefiel diese architektonische Umnutzung. Ein ehemaliger Kollege dieser Arbeiterzunft, h\u00e4tte bestimmt uns was dazu sagen k\u00f6nnen, aber wir lassen uns ja bekanntlich nicht alles sagen!<\/p>\n\n\n\n<p class=\"has-black-color has-cyan-bluish-gray-background-color has-text-color has-background has-link-color wp-elements-1c381e5a3ea7b626d31d448a9f3adab8\">Es blieb uns nicht viel Zeit, denn das Essen wartete mitten in der Stadt. Doch f\u00fcr eine Dusche reichte es noch. Mit dem Bus des st\u00e4dtischen \u00d6Vs und dem (probierets uf Baseld\u00fctsch) Tr\u00e4mle fuhren wir zum Baarfi (Barf\u00fcsserplatz). Dort wurden wir mit Salat, Baslergschn\u00e4tzeltes und F\u00e4ldschl\u00f6sslibier verpflegt. Zum Dessert gab es einen Apfelkuchen. Es war sehr lecker und sehr s\u00e4ttigend. Beim anschliessenden Kaffee oder weiterem Bier vor dem Restaurant, stellten wir bald mal alle fest, dass dieser Platz ein unglaublich bev\u00f6lkerter Platz war. Aber Angst zu haben brauchten wir nicht. Die Polizei fuhr sehr regelm\u00e4ssig mit gepanzerten Fahrzeugen an uns vorbei. Anschliessend versuchten wir ein ruhigeres Pl\u00e4tzchen zu finden und gingen daf\u00fcr in die Fussg\u00e4ngerzone. Dort waren s\u00e4mtliche St\u00fchle, die es in Basel gab, aufgestellt. Schliesslich fanden wir auch einen Tisch und drei weitere, die wir kurzerhand zusammen stellten, damit wir in Ruhe den<br>Passantinnen nachgl\u00fcschteln, eh nai\u2026 sorry bewundern oder bel\u00e4cheln konnten. Pl\u00f6tzlich waren Drinks gefragt und nicht mehr Bier. (Warum eigentlich?) Auf dem R\u00fcckweg trafen wir noch auf einen Gesellen der unangenehmeren Art, doch der nahm schliesslich die Weiterfahrt und wir stiegen aus, damit wir zur wohlverdienten Ruhe uns niederlegen konnten. Dauerhafte Nebenger\u00e4usche gab es zwar, aber ja nu.<\/p>\n\n\n\n<p class=\"has-black-color has-cyan-bluish-gray-background-color has-text-color has-background has-link-color wp-elements-e8b0bcb66b3b9073d3d847b76f3e5fb7\">Nach dem Fr\u00fchst\u00fcck, wo es nur einen Kaffee (!) pro Person gab. Fuhren wir frohen Mutes von Basel weg und landeten sicher in der Badi von Solothurn. Dort konnten wir den Koffeinkonsum sogleich nachholen. Danach durften wir jassen, schlafen, sch\u00fcttele, beachen, in der Aare b\u00e4del\u00e4 und nat\u00fcrlich essen. Jeder konnte tun, wonach ihm gerade beliebte. Und dazu gab es nat\u00fcrlich immer wieder philosophische Unterhaltung, wie das ganze Wochenende hindurch.<\/p>\n\n\n\n<p class=\"has-black-color has-cyan-bluish-gray-background-color has-text-color has-background has-link-color wp-elements-80042384f41e7ecfdabb48ce0fa23c3f\">Gl\u00fccklich und zufrieden wurden wir wieder in Thun ausgeladen, damit wir wieder zur\u00fcck in den Alltag zur\u00fcckkehren konnten\u2026 Piwi hat sich dazu bereit erkl\u00e4rt, n\u00e4chstes Jahr ein \u00e4hnlich denkw\u00fcrdiges WOchenende zu organisieren. Dir sei daf\u00fcr schon mal gedankt. Danke Rol\u00e4 f\u00fcr alles, was du getan hast, es war ein sehr gelungenes Wochenende, du hast das perfekt gemacht. Und danke auch an Keule und P\u00e4du, die tatkr\u00e4ftig mitgeholfen haben, sowie denen, die ich vergessen habe.<\/p>\n\n\n\n<p class=\"has-black-color has-cyan-bluish-gray-background-color has-text-color has-background has-link-color wp-elements-4cdf69f9044003564c77423435f94ccd\">U Merci 1000ig aune wo si derbi gsy. Ou wes itz 3nach3 heisst, \u00e4s isch immer no zfrid\u00e4!<\/p>\n\n\n\n<p class=\"has-black-color has-cyan-bluish-gray-background-color has-text-color has-background has-link-color wp-elements-8626b536053d1292d5eaaeb12ed22b0e\">Alex Klopfenstein<\/p>\n","protected":false},"excerpt":{"rendered":"<p>Dieses Wochenende wurde durch unseren RvA organisiert und minuti\u00f6s umgesetzt. Eingeladenwurden alle vom 3nach3 und vom aktuellen Dr\u00fc. Erschienen sind: RvA (Rol\u00e4), B\u00f6hni, Keule, Uele,L\u00fctzu, Herby, Alex, Piwi, Brian, P\u00e4du, Lugi und Kusi. Dank den Beziehungen von Rol\u00e4 wurden wir von ihm mit einem Schulbus herumkutschiert. Sein Navigator Keule f\u00fchrte uns fehlerfrei von Station zu [&hellip;]<\/p>\n","protected":false},"author":1,"featured_media":0,"parent":0,"menu_order":0,"comment_status":"closed","ping_status":"closed","template":"","meta":{"_regular_price":[],"currency_symbol":[],"footnotes":""},"class_list":["post-253","page","type-page","status-publish","hentry"],"post_slider_layout_featured_media_urls":{"thumbnail":"","post_slider_layout_landscape_large":"","post_slider_layout_portrait_large":"","post_slider_layout_square_large":"","post_slider_layout_landscape":"","post_slider_layout_portrait":"","post_slider_layout_square":"","full":""},"_links":{"self":[{"href":"https:\/\/3nach3.ch\/index.php?rest_route=\/wp\/v2\/pages\/253","targetHints":{"allow":["GET"]}}],"collection":[{"href":"https:\/\/3nach3.ch\/index.php?rest_route=\/wp\/v2\/pages"}],"about":[{"href":"https:\/\/3nach3.ch\/index.php?rest_route=\/wp\/v2\/types\/page"}],"author":[{"embeddable":true,"href":"https:\/\/3nach3.ch\/index.php?rest_route=\/wp\/v2\/users\/1"}],"replies":[{"embeddable":true,"href":"https:\/\/3nach3.ch\/index.php?rest_route=%2Fwp%2Fv2%2Fcomments&post=253"}],"version-history":[{"count":4,"href":"https:\/\/3nach3.ch\/index.php?rest_route=\/wp\/v2\/pages\/253\/revisions"}],"predecessor-version":[{"id":266,"href":"https:\/\/3nach3.ch\/index.php?rest_route=\/wp\/v2\/pages\/253\/revisions\/266"}],"wp:attachment":[{"href":"https:\/\/3nach3.ch\/index.php?rest_route=%2Fwp%2Fv2%2Fmedia&parent=253"}],"curies":[{"name":"wp","href":"https:\/\/api.w.org\/{rel}","templated":true}]}}